{"id":2463,"date":"2010-02-12T14:23:00","date_gmt":"2010-02-12T13:23:00","guid":{"rendered":"http:\/\/gaidaphotos.com\/blog\/?page_id=2463"},"modified":"2024-01-02T17:51:15","modified_gmt":"2024-01-02T16:51:15","slug":"koeln-rodenkirchen-nachrichten-veedel","status":"publish","type":"page","link":"https:\/\/www.gaidaphotos.com\/blog\/","title":{"rendered":"K\u00f6ln-Rodenkirchen: Nachrichten aus dem Veedel und der Welt"},"content":{"rendered":"\n<h2 class=\"wp-block-heading\">K\u00f6ln-Rodenkirchen:<br>Nachrichten, Restaurants, Shoppen, Freizeit und was uns sonst bewegt<\/h2>\n\n\n<div class=\"wp-block-image\">\n<figure class=\"alignleft\"><a href=\"https:\/\/i0.wp.com\/www.gaidaphotos.com\/blog\/wp-content\/uploads\/2010\/02\/koeln-rodenkirchen-kapelle-05.jpg?ssl=1\" rel=\"lightbox[]\"><img data-recalc-dims=\"1\" loading=\"lazy\" decoding=\"async\" width=\"300\" height=\"225\" src=\"https:\/\/i0.wp.com\/www.gaidaphotos.com\/blog\/wp-content\/uploads\/2010\/02\/koeln-rodenkirchen-kapelle-05.jpg?resize=300%2C225&#038;ssl=1\" alt=\"K\u00f6ln Rodenkirchen Fotos\" class=\"wp-image-2572\" srcset=\"https:\/\/i0.wp.com\/www.gaidaphotos.com\/blog\/wp-content\/uploads\/2010\/02\/koeln-rodenkirchen-kapelle-05.jpg?resize=300%2C225&amp;ssl=1 300w, https:\/\/i0.wp.com\/www.gaidaphotos.com\/blog\/wp-content\/uploads\/2010\/02\/koeln-rodenkirchen-kapelle-05.jpg?w=640&amp;ssl=1 640w\" sizes=\"auto, (max-width: 300px) 100vw, 300px\" \/><\/a><figcaption class=\"wp-element-caption\">K\u00f6ln Rodenkirchen: Kapelle am Rhein<\/figcaption><\/figure>\n<\/div>\n\n\n<p class=\"wp-block-paragraph\"><strong>Rodenkirchen <\/strong>ist der s\u00fcdlichste Vorort von K\u00f6ln und Heimat der \u201ek\u00f6lschen Riviera\u201c. Die Auenwiesen und gro\u00dfen Sandstr\u00e4nde entlang des Rheinufer sind ebenso beliebte Ausflugsziele wie die sch\u00f6nen Restaurants und Restaurantboote in Rodenkirchen und der historische Ortskern rund um die Maternus-Kapelle am Rhein (s. Foto). Rodenkirchen ist der s\u00fcdlichste Stadtbezirk im linksrheinischen K\u00f6ln.<\/p>\n\n\n\n<p class=\"wp-block-paragraph\">Seit Mitte der 70er Jahre geh\u00f6rt das \u00fcber 1.000 Jahre alte Rodenkirchen zu K\u00f6ln. Aber <strong>Rodenkirchen <\/strong>ist weit mehr als nur eins von vielen k\u00f6lschen Veedeln. Rodenkirchen hat sich in vielen Aspekten den verschlafenen Vorort-Charakter erhalten. So finden sich noch viele kleine Gesch\u00e4fte mit gehobenem Angebot und Handwerker leben noch im Ort.<br>Zum Stadtbezirk Rodenkirchen geh\u00f6ren die Stadtteile Bayenthal, Marienburg, Raderberg, Raderthal und Zollstock (seit 1888 zu K\u00f6ln geh\u00f6rend). Die \u00fcbrigen Stadtteile Godorf, Hahnwald, Immendorf, Meschenich, Rodenkirchen, Rondorf, S\u00fcrth und Wei\u00df entstammen der ehemaligen Gemeinde. Insgesamt geh\u00f6ren damit 13 Stadtteile mit einer Gesamtfl\u00e4che von 54,6 Quadratkilometern und 102.446 Einwohnerinnen und Einwohnern zum Stadtbezirk Rodenkirchen.<\/p>\n\n\n\n<p class=\"wp-block-paragraph\">Zum hohen Freizeitwert von Rodenkirchen geh\u00f6ren neben Rhein und Rheinauen auch das s\u00fcdliche Ende des Gr\u00fcng\u00fcrtels sowie der Forstbotanische Garten. Ein kleines aber erlesenes Ortszentrum entlang Hauptstra\u00dfe und Maternusstra\u00dfe bieten vielf\u00e4ltige M\u00f6glichkeiten zum entspannten Shopping. Zentrum von Rodenkirchen ist der Maternusplatz und bei sch\u00f6nen Wetter trifft sich (gef\u00fchlt) ganz Rodenkirchen hier.<\/p>\n\n\n\n<p class=\"wp-block-paragraph\">Wir stellen Ihnen <strong>Rodenkirchen <\/strong>und Umgebung n\u00e4her vor.<\/p>\n\n\n\n<p class=\"wp-block-paragraph\">Unsere wichtigsten Themen:<\/p>\n\n\n\n<h3 class=\"wp-block-heading\">Verkaufsoffene Sonntage und Feiertage 2024<\/h3>\n\n\n\n<figure class=\"wp-block-table is-style-stripes\"><table><tbody><tr><td><\/td><td><a href=\"https:\/\/www.gaidaphotos.com\/blog\/verkaufsoffener-sonntag-strassenfest-weihnachtsmarkt\/verkaufsoffene-sonntage-strassenfest-koeln\/\">K\u00f6ln<\/a><\/td><\/tr><tr><td><\/td><td><a title=\"verkaufsoffene Sonntage und Feiertage 2024 in Maastricht (Holland)\" data-wplink-edit=\"true\" href=\"https:\/\/www.gaidaphotos.com\/blog\/verkaufsoffener-sonntag-strassenfest-weihnachtsmarkt\/verkaufsoffene-sonntage-und-feiertage-maastricht-holland\/\"><h3>Maastricht (Holland<\/h3><\/a><\/td><\/tr><tr><td><\/td><td><a title=\"verkaufsoffener Sonntag und Feiertag 2024 in Roermond (Holland)\" data-wplink-edit=\"true\" href=\"https:\/\/www.gaidaphotos.com\/blog\/verkaufsoffener-sonntag-strassenfest-weihnachtsmarkt\/roermond-nl-verkaufsoffene-sonntage-und-feiertage\/\"><h3>Roermond (Holland)<\/h3><\/a><\/td><\/tr><tr><td><\/td><td><a title=\"verkaufsoffene Sonntage und Feiertage 2024 in Maas-Mechelen\" href=\"https:\/\/www.gaidaphotos.com\/blog\/verkaufsoffener-sonntag-strassenfest-weihnachtsmarkt\/maas-mechelen-be-verkaufsoffene-sonntage-und-feiertage\/\"><h3>Maas-Mechelen (Belgien)<\/h3><\/a><\/td><\/tr><\/tbody><\/table><\/figure>\n\n\n\n<h3 class=\"wp-block-heading\">K\u00f6ln und Rodenkirchen<\/h3>\n\n\n\n<ul class=\"wp-block-list\">\n<li><a title=\"Kostenlose Radweg Karte NRW \u2013 Rad-Routenplaner\" data-wplink-edit=\"true\" href=\"https:\/\/www.gaidaphotos.com\/blog\/2010\/06\/29\/kostenlose-radweg-karte-nrw-rad-routenplaner\/\">Radwegkarte NRW<\/a><\/li>\n\n\n\n<li><a title=\"K\u00f6ln: Lustige K\u00f6lsche Spr\u00fcche (mit Erkl\u00e4rung)\" href=\"https:\/\/www.gaidaphotos.com\/blog\/2009\/09\/18\/koeln-lustige-koelsche-sprueche-mit-erklaerung\/\">K\u00f6lsche Spr\u00fcche<\/a><\/li>\n\n\n\n<li><a title=\"K\u00f6ln-Rodenkirchen: Forstbotanischer Garten (Fotos)\" href=\"https:\/\/www.gaidaphotos.com\/blog\/2010\/02\/21\/forstbotanischer-garten-fotos\/\">Forstbotanischer Garten K\u00f6ln-Rodenkirchen<\/a><\/li>\n\n\n\n<li><a title=\"Fotos und Bilder aus K\u00f6ln Rodenkirchen\" href=\"https:\/\/www.gaidaphotos.com\/blog\/fotos-aus-koeln-rodenkirchen\/\">Fotos aus Rodenkirchen<\/a><\/li>\n<\/ul>\n\n\n\n<p class=\"wp-block-paragraph\">Sie k\u00f6nnen in <a title=\"K\u00f6ln Rodenkirchen Blog werben Werbung\" href=\"https:\/\/www.gaidaphotos.com\/blog\/im-blog-werben-kostenlos\/\" rel=\"nofollow\"><strong>K\u00f6ln-Rodenkirchen Blog WERBEN<\/strong><\/a> , auch kostenlos.<\/p>\n\n\n\n<p class=\"wp-block-paragraph\">Sie erreichen uns auch unter <a title=\"Koeln Rodenkirchen Nachrichten Restaurant Shopping\" href=\"http:\/\/koeln-rodenkirchen.org\" rel=\"nofollow\">koeln-rodenkirchen.org<\/a> und <a title=\"Koeln Rodenkirchen Nachrichten Restaurant Shopping\" href=\"http:\/\/koeln-rodenkirchen.eu\" rel=\"nofollow\">koeln-rodenkirchen.eu<\/a><\/p>\n\n\n\n<hr class=\"wp-block-separator has-alpha-channel-opacity\"\/>\n\n\n\n<p class=\"wp-block-paragraph\">Nicht das Gew\u00fcnschte gefunden? <strong>Suchen <\/strong>Sie in \u201eNachrichten aus K\u00f6ln-Rodenkirchen\u201c und unseren Themenportalen:<\/p>\n\n\n\n<p class=\"wp-block-paragraph\"><style type=\"text\/css\">\n@import url(http:\/\/www.google.com\/cse\/api\/branding.css);<br \/>\n<\/style><\/p>\n\n\n\n<div class=\"cse-branding-bottom\" style=\"background-color: #ffffff; color: #000000;\">\n<div class=\"cse-branding-form\"><form id=\"cse-search-box\" action=\"http:\/\/www.google.de\" target=\"_blank\">\n<div><input name=\"cx\" type=\"hidden\" value=\"partner-pub-5835483088869683:7375686833\"><br><input name=\"ie\" type=\"hidden\" value=\"UTF-8\"><br><input name=\"q\" size=\"25\" type=\"text\" data-cip-id=\"cIPJQ342845639\"><br><input name=\"sa\" type=\"submit\" value=\"Suche\"><\/div>\n<\/form><\/div>\n<figure><img data-recalc-dims=\"1\" decoding=\"async\" src=\"https:\/\/i0.wp.com\/www.google.com\/images\/poweredby_transparent\/poweredby_FFFFFF.gif?w=910\" alt=\"Google\"><\/figure><div class=\"cse-branding-logo\"><\/div>\n<div class=\"cse-branding-text\">Benutzerdefinierte Suche<\/div>\n<\/div>\n","protected":false},"excerpt":{"rendered":"<p>K\u00f6ln-Rodenkirchen:Nachrichten, Restaurants, Shoppen, Freizeit und was uns sonst bewegt Rodenkirchen ist der s\u00fcdlichste Vorort von K\u00f6ln und Heimat der \u201ek\u00f6lschen<\/p>\n","protected":false},"author":6,"featured_media":2572,"parent":0,"menu_order":0,"comment_status":"open","ping_status":"closed","template":"","meta":{"_crdt_document":"","ngg_post_thumbnail":0,"jetpack_post_was_ever_published":false,"footnotes":""},"class_list":["post-2463","page","type-page","status-publish","has-post-thumbnail","hentry"],"yoast_head":"<!-- This site is optimized with the Yoast SEO plugin v27.5 - https:\/\/yoast.com\/product\/yoast-seo-wordpress\/ -->\n<title>K\u00f6ln-Rodenkirchen: Nachrichten aus dem Veedel und der Welt<\/title>\n<meta name=\"description\" content=\"Nachrichten, Klatsch, Restaurants, Einkaufen, Freizeit-Tipps, Hintergrund, alte und neue Fotos aus K\u00f6ln-Rodenkirchen und ihre Geschichte\" \/>\n<meta name=\"robots\" content=\"index, follow, max-snippet:-1, max-image-preview:large, max-video-preview:-1\" \/>\n<link rel=\"canonical\" href=\"https:\/\/www.gaidaphotos.com\/blog\/\" \/>\n<meta property=\"og:locale\" content=\"de_DE\" \/>\n<meta property=\"og:type\" content=\"article\" \/>\n<meta property=\"og:title\" content=\"K\u00f6ln-Rodenkirchen: Nachrichten aus dem Veedel und der Welt\" \/>\n<meta property=\"og:description\" content=\"Nachrichten, Klatsch, Restaurants, Einkaufen, Freizeit-Tipps, Hintergrund, alte und neue Fotos aus K\u00f6ln-Rodenkirchen und ihre Geschichte\" \/>\n<meta property=\"og:url\" content=\"https:\/\/www.gaidaphotos.com\/blog\/\" \/>\n<meta property=\"og:site_name\" content=\"K\u00f6ln Rodenkirchen und die Welt\" \/>\n<meta property=\"article:publisher\" content=\"https:\/\/www.facebook.com\/Koeln.Rodenkirchen\" \/>\n<meta property=\"article:modified_time\" content=\"2024-01-02T16:51:15+00:00\" \/>\n<meta property=\"og:image\" content=\"https:\/\/www.gaidaphotos.com\/blog\/wp-content\/uploads\/2010\/02\/koeln-rodenkirchen-kapelle-05.jpg\" \/>\n\t<meta property=\"og:image:width\" content=\"640\" \/>\n\t<meta property=\"og:image:height\" content=\"480\" \/>\n\t<meta property=\"og:image:type\" content=\"image\/jpeg\" \/>\n<meta name=\"twitter:card\" content=\"summary_large_image\" \/>\n<meta name=\"twitter:site\" content=\"@gaidaphotos\" \/>\n<meta name=\"twitter:label1\" content=\"Gesch\u00e4tzte Lesezeit\" \/>\n\t<meta name=\"twitter:data1\" content=\"3\u00a0Minuten\" \/>\n<script type=\"application\/ld+json\" class=\"yoast-schema-graph\">{\"@context\":\"https:\\\/\\\/schema.org\",\"@graph\":[{\"@type\":\"WebPage\",\"@id\":\"https:\\\/\\\/www.gaidaphotos.com\\\/blog\\\/\",\"url\":\"https:\\\/\\\/www.gaidaphotos.com\\\/blog\\\/\",\"name\":\"K\u00f6ln-Rodenkirchen: Nachrichten aus dem Veedel und der Welt\",\"isPartOf\":{\"@id\":\"https:\\\/\\\/www.gaidaphotos.com\\\/blog\\\/#website\"},\"primaryImageOfPage\":{\"@id\":\"https:\\\/\\\/www.gaidaphotos.com\\\/blog\\\/#primaryimage\"},\"image\":{\"@id\":\"https:\\\/\\\/www.gaidaphotos.com\\\/blog\\\/#primaryimage\"},\"thumbnailUrl\":\"https:\\\/\\\/i0.wp.com\\\/www.gaidaphotos.com\\\/blog\\\/wp-content\\\/uploads\\\/2010\\\/02\\\/koeln-rodenkirchen-kapelle-05.jpg?fit=640%2C480&ssl=1\",\"datePublished\":\"2010-02-12T13:23:00+00:00\",\"dateModified\":\"2024-01-02T16:51:15+00:00\",\"description\":\"Nachrichten, Klatsch, Restaurants, Einkaufen, Freizeit-Tipps, Hintergrund, alte und neue Fotos aus K\u00f6ln-Rodenkirchen und ihre Geschichte\",\"breadcrumb\":{\"@id\":\"https:\\\/\\\/www.gaidaphotos.com\\\/blog\\\/#breadcrumb\"},\"inLanguage\":\"de\",\"potentialAction\":[{\"@type\":\"ReadAction\",\"target\":[\"https:\\\/\\\/www.gaidaphotos.com\\\/blog\\\/\"]}]},{\"@type\":\"ImageObject\",\"inLanguage\":\"de\",\"@id\":\"https:\\\/\\\/www.gaidaphotos.com\\\/blog\\\/#primaryimage\",\"url\":\"https:\\\/\\\/i0.wp.com\\\/www.gaidaphotos.com\\\/blog\\\/wp-content\\\/uploads\\\/2010\\\/02\\\/koeln-rodenkirchen-kapelle-05.jpg?fit=640%2C480&ssl=1\",\"contentUrl\":\"https:\\\/\\\/i0.wp.com\\\/www.gaidaphotos.com\\\/blog\\\/wp-content\\\/uploads\\\/2010\\\/02\\\/koeln-rodenkirchen-kapelle-05.jpg?fit=640%2C480&ssl=1\",\"width\":\"640\",\"height\":\"480\",\"caption\":\"K\u00f6ln Rodenkirchen: Kapelle am Rhein\"},{\"@type\":\"BreadcrumbList\",\"@id\":\"https:\\\/\\\/www.gaidaphotos.com\\\/blog\\\/#breadcrumb\",\"itemListElement\":[{\"@type\":\"ListItem\",\"position\":1,\"name\":\"Startseite\",\"item\":\"https:\\\/\\\/www.gaidaphotos.com\\\/blog\\\/\"},{\"@type\":\"ListItem\",\"position\":2,\"name\":\"K\u00f6ln-Rodenkirchen: Nachrichten aus dem Veedel und der Welt\"}]},{\"@type\":\"WebSite\",\"@id\":\"https:\\\/\\\/www.gaidaphotos.com\\\/blog\\\/#website\",\"url\":\"https:\\\/\\\/www.gaidaphotos.com\\\/blog\\\/\",\"name\":\"K\u00f6ln Rodenkirchen und die Welt\",\"description\":\"Einkaufen, Restaurants, Freizeit, Nachrichten und was uns sonst bewegt und begegnet\",\"publisher\":{\"@id\":\"https:\\\/\\\/www.gaidaphotos.com\\\/blog\\\/#organization\"},\"potentialAction\":[{\"@type\":\"SearchAction\",\"target\":{\"@type\":\"EntryPoint\",\"urlTemplate\":\"https:\\\/\\\/www.gaidaphotos.com\\\/blog\\\/?s={search_term_string}\"},\"query-input\":{\"@type\":\"PropertyValueSpecification\",\"valueRequired\":true,\"valueName\":\"search_term_string\"}}],\"inLanguage\":\"de\"},{\"@type\":\"Organization\",\"@id\":\"https:\\\/\\\/www.gaidaphotos.com\\\/blog\\\/#organization\",\"name\":\"gaidaphotos\",\"url\":\"https:\\\/\\\/www.gaidaphotos.com\\\/blog\\\/\",\"logo\":{\"@type\":\"ImageObject\",\"inLanguage\":\"de\",\"@id\":\"https:\\\/\\\/www.gaidaphotos.com\\\/blog\\\/#\\\/schema\\\/logo\\\/image\\\/\",\"url\":\"https:\\\/\\\/i0.wp.com\\\/www.gaidaphotos.com\\\/blog\\\/wp-content\\\/uploads\\\/2020\\\/07\\\/GAIDAPHOTOS-COM.jpg?fit=160%2C96&ssl=1\",\"contentUrl\":\"https:\\\/\\\/i0.wp.com\\\/www.gaidaphotos.com\\\/blog\\\/wp-content\\\/uploads\\\/2020\\\/07\\\/GAIDAPHOTOS-COM.jpg?fit=160%2C96&ssl=1\",\"width\":160,\"height\":96,\"caption\":\"gaidaphotos\"},\"image\":{\"@id\":\"https:\\\/\\\/www.gaidaphotos.com\\\/blog\\\/#\\\/schema\\\/logo\\\/image\\\/\"},\"sameAs\":[\"https:\\\/\\\/www.facebook.com\\\/Koeln.Rodenkirchen\",\"https:\\\/\\\/x.com\\\/gaidaphotos\",\"https:\\\/\\\/instagram.com\\\/gaidaphotos\\\/\",\"https:\\\/\\\/de.linkedin.com\\\/in\\\/gaidaphotos\",\"https:\\\/\\\/myspace.com\\\/gaidaphotos\",\"https:\\\/\\\/www.pinterest.com\\\/gaidaphotos\\\/\",\"https:\\\/\\\/www.youtube.com\\\/user\\\/gaidaphotos\"]}]}<\/script>\n<!-- \/ Yoast SEO plugin. -->","yoast_head_json":{"title":"K\u00f6ln-Rodenkirchen: Nachrichten aus dem Veedel und der Welt","description":"Nachrichten, Klatsch, Restaurants, Einkaufen, Freizeit-Tipps, Hintergrund, alte und neue Fotos aus K\u00f6ln-Rodenkirchen und ihre Geschichte","robots":{"index":"index","follow":"follow","max-snippet":"max-snippet:-1","max-image-preview":"max-image-preview:large","max-video-preview":"max-video-preview:-1"},"canonical":"https:\/\/www.gaidaphotos.com\/blog\/","og_locale":"de_DE","og_type":"article","og_title":"K\u00f6ln-Rodenkirchen: Nachrichten aus dem Veedel und der Welt","og_description":"Nachrichten, Klatsch, Restaurants, Einkaufen, Freizeit-Tipps, Hintergrund, alte und neue Fotos aus K\u00f6ln-Rodenkirchen und ihre Geschichte","og_url":"https:\/\/www.gaidaphotos.com\/blog\/","og_site_name":"K\u00f6ln Rodenkirchen und die Welt","article_publisher":"https:\/\/www.facebook.com\/Koeln.Rodenkirchen","article_modified_time":"2024-01-02T16:51:15+00:00","og_image":[{"width":640,"height":480,"url":"https:\/\/www.gaidaphotos.com\/blog\/wp-content\/uploads\/2010\/02\/koeln-rodenkirchen-kapelle-05.jpg","type":"image\/jpeg"}],"twitter_card":"summary_large_image","twitter_site":"@gaidaphotos","twitter_misc":{"Gesch\u00e4tzte Lesezeit":"3\u00a0Minuten"},"schema":{"@context":"https:\/\/schema.org","@graph":[{"@type":"WebPage","@id":"https:\/\/www.gaidaphotos.com\/blog\/","url":"https:\/\/www.gaidaphotos.com\/blog\/","name":"K\u00f6ln-Rodenkirchen: Nachrichten aus dem Veedel und der Welt","isPartOf":{"@id":"https:\/\/www.gaidaphotos.com\/blog\/#website"},"primaryImageOfPage":{"@id":"https:\/\/www.gaidaphotos.com\/blog\/#primaryimage"},"image":{"@id":"https:\/\/www.gaidaphotos.com\/blog\/#primaryimage"},"thumbnailUrl":"https:\/\/i0.wp.com\/www.gaidaphotos.com\/blog\/wp-content\/uploads\/2010\/02\/koeln-rodenkirchen-kapelle-05.jpg?fit=640%2C480&ssl=1","datePublished":"2010-02-12T13:23:00+00:00","dateModified":"2024-01-02T16:51:15+00:00","description":"Nachrichten, Klatsch, Restaurants, Einkaufen, Freizeit-Tipps, Hintergrund, alte und neue Fotos aus K\u00f6ln-Rodenkirchen und ihre Geschichte","breadcrumb":{"@id":"https:\/\/www.gaidaphotos.com\/blog\/#breadcrumb"},"inLanguage":"de","potentialAction":[{"@type":"ReadAction","target":["https:\/\/www.gaidaphotos.com\/blog\/"]}]},{"@type":"ImageObject","inLanguage":"de","@id":"https:\/\/www.gaidaphotos.com\/blog\/#primaryimage","url":"https:\/\/i0.wp.com\/www.gaidaphotos.com\/blog\/wp-content\/uploads\/2010\/02\/koeln-rodenkirchen-kapelle-05.jpg?fit=640%2C480&ssl=1","contentUrl":"https:\/\/i0.wp.com\/www.gaidaphotos.com\/blog\/wp-content\/uploads\/2010\/02\/koeln-rodenkirchen-kapelle-05.jpg?fit=640%2C480&ssl=1","width":"640","height":"480","caption":"K\u00f6ln Rodenkirchen: Kapelle am Rhein"},{"@type":"BreadcrumbList","@id":"https:\/\/www.gaidaphotos.com\/blog\/#breadcrumb","itemListElement":[{"@type":"ListItem","position":1,"name":"Startseite","item":"https:\/\/www.gaidaphotos.com\/blog\/"},{"@type":"ListItem","position":2,"name":"K\u00f6ln-Rodenkirchen: Nachrichten aus dem Veedel und der Welt"}]},{"@type":"WebSite","@id":"https:\/\/www.gaidaphotos.com\/blog\/#website","url":"https:\/\/www.gaidaphotos.com\/blog\/","name":"K\u00f6ln Rodenkirchen und die Welt","description":"Einkaufen, Restaurants, Freizeit, Nachrichten und was uns sonst bewegt und begegnet","publisher":{"@id":"https:\/\/www.gaidaphotos.com\/blog\/#organization"},"potentialAction":[{"@type":"SearchAction","target":{"@type":"EntryPoint","urlTemplate":"https:\/\/www.gaidaphotos.com\/blog\/?s={search_term_string}"},"query-input":{"@type":"PropertyValueSpecification","valueRequired":true,"valueName":"search_term_string"}}],"inLanguage":"de"},{"@type":"Organization","@id":"https:\/\/www.gaidaphotos.com\/blog\/#organization","name":"gaidaphotos","url":"https:\/\/www.gaidaphotos.com\/blog\/","logo":{"@type":"ImageObject","inLanguage":"de","@id":"https:\/\/www.gaidaphotos.com\/blog\/#\/schema\/logo\/image\/","url":"https:\/\/i0.wp.com\/www.gaidaphotos.com\/blog\/wp-content\/uploads\/2020\/07\/GAIDAPHOTOS-COM.jpg?fit=160%2C96&ssl=1","contentUrl":"https:\/\/i0.wp.com\/www.gaidaphotos.com\/blog\/wp-content\/uploads\/2020\/07\/GAIDAPHOTOS-COM.jpg?fit=160%2C96&ssl=1","width":160,"height":96,"caption":"gaidaphotos"},"image":{"@id":"https:\/\/www.gaidaphotos.com\/blog\/#\/schema\/logo\/image\/"},"sameAs":["https:\/\/www.facebook.com\/Koeln.Rodenkirchen","https:\/\/x.com\/gaidaphotos","https:\/\/instagram.com\/gaidaphotos\/","https:\/\/de.linkedin.com\/in\/gaidaphotos","https:\/\/myspace.com\/gaidaphotos","https:\/\/www.pinterest.com\/gaidaphotos\/","https:\/\/www.youtube.com\/user\/gaidaphotos"]}]}},"jetpack_sharing_enabled":true,"jetpack_likes_enabled":true,"jetpack-related-posts":[{"id":6476,"url":"https:\/\/www.gaidaphotos.com\/blog\/koeln-rodenkirchen-info\/","url_meta":{"origin":2463,"position":0},"title":"K\u00f6ln-Rodenkirchen Info","author":"Thomas","date":"23. Juni 2014","format":false,"excerpt":"K\u00f6ln-Rodenkirchen: Parken, Karte, Infos, Links Rodenkirchen, die \"k\u00f6lsche Riviera\", ist K\u00f6lns s\u00fcdlichster, linksrheinischer Stadtbezirk. Zu Rodenkirchen geh\u00f6ren 13 Stadtteile mit einer Gesamtfl\u00e4che von 5.456 Hektar und 100.325 Einwohnern. Anderswo w\u00e4re Rodenkirchen eine Stadt. Mit seinem malerisch am Rhein gelegenen Ortskern inklusive der alten St. Maternus Kapelle, den gro\u00dfen Auenwiesen und\u2026","rel":"","context":"Mit 1 Kommentar","block_context":{"text":"Mit 1 Kommentar","link":"https:\/\/www.gaidaphotos.com\/blog\/koeln-rodenkirchen-info\/#comments"},"img":{"alt_text":"","src":"https:\/\/i0.wp.com\/www.gaidaphotos.com\/blog\/wp-content\/uploads\/ngg_featured\/rheinufer-03.jpg?fit=667%2C1000&ssl=1&resize=350%2C200","width":350,"height":200,"srcset":"https:\/\/i0.wp.com\/www.gaidaphotos.com\/blog\/wp-content\/uploads\/ngg_featured\/rheinufer-03.jpg?fit=667%2C1000&ssl=1&resize=350%2C200 1x, https:\/\/i0.wp.com\/www.gaidaphotos.com\/blog\/wp-content\/uploads\/ngg_featured\/rheinufer-03.jpg?fit=667%2C1000&ssl=1&resize=525%2C300 1.5x"},"classes":[]},{"id":3372,"url":"https:\/\/www.gaidaphotos.com\/blog\/fotos-aus-koeln-rodenkirchen\/alte-bilder-von-koeln-rodenkirchen\/","url_meta":{"origin":2463,"position":1},"title":"Alte Bilder von K\u00f6ln-Rodenkirchen","author":"Thomas","date":"8. September 2010","format":false,"excerpt":"Alte Bilder von K\u00f6ln Rodenkirchen Was ist sch\u00f6ner als in alten Fotoalben zu st\u00f6bern. Wir haben\u00a0 die Fotos, Bilder, Negative und Dias unserer Familie durchsucht und die sch\u00f6nsten alten Bilder von K\u00f6ln-Rodenkirchen eingescannt und bearbeitet und stellen sie Euch in den kommenden Wochen vor. Die ersten Fotos stammen aus den\u2026","rel":"","context":"Mit 1 Kommentar","block_context":{"text":"Mit 1 Kommentar","link":"https:\/\/www.gaidaphotos.com\/blog\/fotos-aus-koeln-rodenkirchen\/alte-bilder-von-koeln-rodenkirchen\/#comments"},"img":{"alt_text":"Alte Bilder von K\u00f6ln Rodenkirchen Bootshaus am Rhein 20er Heute die Alte Liebe","src":"https:\/\/i0.wp.com\/www.gaidaphotos.com\/blog\/wp-content\/uploads\/ngg_featured\/rodenkirc-hen-bootshaus-20iger.jpg?fit=440%2C244&ssl=1&resize=350%2C200","width":350,"height":200},"classes":[]},{"id":1840,"url":"https:\/\/www.gaidaphotos.com\/blog\/koeln-rodenkirchen-info\/koeln-rodenkirchen-karte\/","url_meta":{"origin":2463,"position":2},"title":"K\u00f6ln Rodenkirchen: Karte","author":"gaidaphotos","date":"4. Juli 2009","format":false,"excerpt":"Karte von K\u00f6ln-Rodenkirchen - Ortszentrum Panoramio Karte von K\u00f6ln-Rodenkirchen. Maternusstra\u00dfe und Hauptstra\u00dfe bilden den Ortskern von Rodenkirchen. Die Querstra\u00dfen im Zentrumsbereich, vor allem Maternusplatz, Wilhelmstra\u00dfe und Barbarastra\u00dfe erg\u00e4nzen die Rodenkirchener Shopping Meile. Der Maternusplatz sowie der Sommershof (Ecke Barbarastra\u00dfe und Hauptstra\u00dfe) mit den jeweiligen Parkh\u00e4usern bieten einen zentralen Zugangspunkt. Auf\u2026","rel":"","context":"\u00c4hnlicher Beitrag","block_context":{"text":"\u00c4hnlicher Beitrag","link":""},"img":{"alt_text":"K\u00f6ln Rodenkirchen Karte","src":"https:\/\/i0.wp.com\/www.gaidaphotos.com\/blog\/wp-content\/uploads\/2009\/06\/koeln-rodenkirchen-karte-1024x572.jpg?resize=350%2C200&ssl=1","width":350,"height":200,"srcset":"https:\/\/i0.wp.com\/www.gaidaphotos.com\/blog\/wp-content\/uploads\/2009\/06\/koeln-rodenkirchen-karte-1024x572.jpg?resize=350%2C200&ssl=1 1x, https:\/\/i0.wp.com\/www.gaidaphotos.com\/blog\/wp-content\/uploads\/2009\/06\/koeln-rodenkirchen-karte-1024x572.jpg?resize=525%2C300&ssl=1 1.5x"},"classes":[]},{"id":3543,"url":"https:\/\/www.gaidaphotos.com\/blog\/fotos-aus-koeln-rodenkirchen\/","url_meta":{"origin":2463,"position":3},"title":"Fotos und Bilder aus K\u00f6ln Rodenkirchen","author":"Thomas","date":"20. April 2011","format":false,"excerpt":"Fotos aus K\u00f6ln-Rodenkirchen Rodenkirchen ist sch\u00f6n. Wie sch\u00f6n zeigen Ihnen unsere Fotos und Bilder aus K\u00f6ln-Rodenkirchen. Alte Kapelle, Treppchen, das Rheinufer aber auch der bl\u00fchende Nibelungenweg im April oder der Forstbotanische Garten bieten wundersch\u00f6ne Motive. Wir sind st\u00e4ndig mir einer Kamera unterwegs, wenn es auch manchmal nur das Handy ist.\u2026","rel":"","context":"\u00c4hnlicher Beitrag","block_context":{"text":"\u00c4hnlicher Beitrag","link":""},"img":{"alt_text":"","src":"","width":0,"height":0},"classes":[]},{"id":2133,"url":"https:\/\/www.gaidaphotos.com\/blog\/koeln-rodenkirchen-info\/koeln-rodenkirchen-parken\/","url_meta":{"origin":2463,"position":4},"title":"K\u00f6ln Rodenkirchen Parken","author":"Thomas","date":"28. September 2009","format":false,"excerpt":"In K\u00f6ln Rodenkirchen ist es schwierig Parkpl\u00e4tze und andere M\u00f6glichkeiten zum Parken zu finden - wie in ganz K\u00f6ln. Die Anwohner belegen die meisten guten Parkpl\u00e4tze selbst dort, wo keine Anwohner-Parkpl\u00e4tze ausgewiesen sind. H\u00e4ufig lohnt es sich nicht, bei diesen Benzinkosten, lange durch schmale Stra\u00dfen zu kurven. Da ist es\u2026","rel":"","context":"\u00c4hnlicher Beitrag","block_context":{"text":"\u00c4hnlicher Beitrag","link":""},"img":{"alt_text":"","src":"","width":0,"height":0},"classes":[]},{"id":9567,"url":"https:\/\/www.gaidaphotos.com\/blog\/fotos-aus-koeln-rodenkirchen\/360-vr-bilder-und-videos-von-rodenkirchen\/","url_meta":{"origin":2463,"position":5},"title":"360\u00b0 VR Bilder und Videos von Rodenkirchen","author":"Thomas","date":"5. Januar 2017","format":false,"excerpt":"360\u00b0 VR Panoramaansichten von K\u00f6ln Rodenkirchen 360\u00b0 Panoramaaufnahmen von K\u00f6ln Rodenkirchen f\u00fcr Smartphone und Datenbrillen zum ersten Mal bei YouTube zum kostenlosen Download. Datenbrillen sind der letzte elektronische Schrei. F\u00fcr ein paar Euro gibt es Modelle aus Pappe (ca. 5.-\u20ac), Plastik (20,- \u20ac) und mit Touchpad (ab 80.- \u20ac). Bei\u2026","rel":"","context":"\u00c4hnlicher Beitrag","block_context":{"text":"\u00c4hnlicher Beitrag","link":""},"img":{"alt_text":"","src":"https:\/\/i0.wp.com\/www.gaidaphotos.com\/blog\/wp-content\/uploads\/ngg_featured\/koeln-rodenkirchen-kapelle-360-vr.MP4-00001.png?fit=1200%2C605&ssl=1&resize=350%2C200","width":350,"height":200,"srcset":"https:\/\/i0.wp.com\/www.gaidaphotos.com\/blog\/wp-content\/uploads\/ngg_featured\/koeln-rodenkirchen-kapelle-360-vr.MP4-00001.png?fit=1200%2C605&ssl=1&resize=350%2C200 1x, https:\/\/i0.wp.com\/www.gaidaphotos.com\/blog\/wp-content\/uploads\/ngg_featured\/koeln-rodenkirchen-kapelle-360-vr.MP4-00001.png?fit=1200%2C605&ssl=1&resize=525%2C300 1.5x, https:\/\/i0.wp.com\/www.gaidaphotos.com\/blog\/wp-content\/uploads\/ngg_featured\/koeln-rodenkirchen-kapelle-360-vr.MP4-00001.png?fit=1200%2C605&ssl=1&resize=700%2C400 2x, https:\/\/i0.wp.com\/www.gaidaphotos.com\/blog\/wp-content\/uploads\/ngg_featured\/koeln-rodenkirchen-kapelle-360-vr.MP4-00001.png?fit=1200%2C605&ssl=1&resize=1050%2C600 3x"},"classes":[]}],"_links":{"self":[{"href":"https:\/\/www.gaidaphotos.com\/blog\/wp-json\/wp\/v2\/pages\/2463","targetHints":{"allow":["GET"]}}],"collection":[{"href":"https:\/\/www.gaidaphotos.com\/blog\/wp-json\/wp\/v2\/pages"}],"about":[{"href":"https:\/\/www.gaidaphotos.com\/blog\/wp-json\/wp\/v2\/types\/page"}],"author":[{"embeddable":true,"href":"https:\/\/www.gaidaphotos.com\/blog\/wp-json\/wp\/v2\/users\/6"}],"replies":[{"embeddable":true,"href":"https:\/\/www.gaidaphotos.com\/blog\/wp-json\/wp\/v2\/comments?post=2463"}],"version-history":[{"count":0,"href":"https:\/\/www.gaidaphotos.com\/blog\/wp-json\/wp\/v2\/pages\/2463\/revisions"}],"wp:featuredmedia":[{"embeddable":true,"href":"https:\/\/www.gaidaphotos.com\/blog\/wp-json\/wp\/v2\/media\/2572"}],"wp:attachment":[{"href":"https:\/\/www.gaidaphotos.com\/blog\/wp-json\/wp\/v2\/media?parent=2463"}],"curies":[{"name":"wp","href":"https:\/\/api.w.org\/{rel}","templated":true}]}}