{"id":5276,"date":"2013-01-02T16:49:58","date_gmt":"2013-01-02T15:49:58","guid":{"rendered":"http:\/\/www.gaidaphotos.com\/blog\/?page_id=5276"},"modified":"2026-01-27T12:10:38","modified_gmt":"2026-01-27T11:10:38","slug":"verkaufsoffene-sonntage-und-feiertage-maastricht-holland","status":"publish","type":"page","link":"https:\/\/www.gaidaphotos.com\/blog\/verkaufsoffener-sonntag-strassenfest-weihnachtsmarkt\/verkaufsoffene-sonntage-und-feiertage-maastricht-holland\/","title":{"rendered":"Maastricht (NL): verkaufsoffene Sonntage und Feiertage"},"content":{"rendered":"\n<h2 id=\"verkaufsoffene-sonntage-und-feiertage-2022-in-maastricht-holland\" class=\"wp-block-heading\">verkaufsoffene Sonntage und Feiertage 2026 in Maastricht (Holland)<\/h2>\n\n\n\n<div class=\"wp-block-media-text alignwide is-stacked-on-mobile\"><figure class=\"wp-block-media-text__media\"><img data-recalc-dims=\"1\" loading=\"lazy\" decoding=\"async\" width=\"667\" height=\"1000\" src=\"https:\/\/i0.wp.com\/www.gaidaphotos.com\/blog\/wp-content\/uploads\/2019\/02\/maastricht-verkaufsoffener-sonntag-feiertag-2012.jpg?resize=667%2C1000&#038;ssl=1\" alt=\"Stadtmauier Maastricht Niederlande\" class=\"wp-image-11084 size-full\" srcset=\"https:\/\/i0.wp.com\/www.gaidaphotos.com\/blog\/wp-content\/uploads\/2019\/02\/maastricht-verkaufsoffener-sonntag-feiertag-2012.jpg?w=667&amp;ssl=1 667w, https:\/\/i0.wp.com\/www.gaidaphotos.com\/blog\/wp-content\/uploads\/2019\/02\/maastricht-verkaufsoffener-sonntag-feiertag-2012.jpg?resize=167%2C250&amp;ssl=1 167w, https:\/\/i0.wp.com\/www.gaidaphotos.com\/blog\/wp-content\/uploads\/2019\/02\/maastricht-verkaufsoffener-sonntag-feiertag-2012.jpg?resize=100%2C150&amp;ssl=1 100w, https:\/\/i0.wp.com\/www.gaidaphotos.com\/blog\/wp-content\/uploads\/2019\/02\/maastricht-verkaufsoffener-sonntag-feiertag-2012.jpg?resize=400%2C600&amp;ssl=1 400w\" sizes=\"auto, (max-width: 667px) 100vw, 667px\" \/><\/figure><div class=\"wp-block-media-text__content\">\n<p class=\"wp-block-paragraph\">Shoppen in Maastricht ist ein Erlebnis f\u00fcr alle Sinne. Die Stadt bietet eine gro\u00dfe Auswahl an Gesch\u00e4ften f\u00fcr alle Geschm\u00e4cker, von eleganten Boutiquen bis zu trendigen Concept-Stores. Und das Beste: Die Gesch\u00e4fte sind auch an Sonntagen und Feiertagen ge\u00f6ffnet.<\/p>\n\n\n\n<p class=\"wp-block-paragraph\">Lassen Sie sich von der stimmungsvollen Altstadt mit ihren schmalen Gassen und historischen Geb\u00e4uden verzaubern. Hier finden Sie einzigartige Designer-Mode, ausgefallene Accessoires und Kunsthandwerk.<\/p>\n\n\n\n<p class=\"wp-block-paragraph\">Im Wyck-Viertel entdecken Sie moderne Boutiquen und Concept-Stores mit den neuesten Trends. Und im Entre Deux-Einkaufszentrum finden Sie alles, was Sie f\u00fcr den t\u00e4glichen Bedarf ben\u00f6tigen.<\/p>\n\n\n\n<p class=\"wp-block-paragraph\">Planen Sie jetzt Ihren n\u00e4chsten Shopping-Trip nach Maastricht! Hier finden Sie die \u00d6ffnungszeiten an Sonntagen und Feiertagen.<\/p>\n\n\n\n<p class=\"wp-block-paragraph\">(aktualisiert 26.01.2026)<\/p>\n<\/div><\/div>\n\n\n\n<!--more-->\n\n\n\n<p class=\"wp-block-paragraph\">Wenn in Deutschland am Sonntag und an Feiertagen die Kunden vor verschlossenen T\u00fcren stehen, kann man in Maastricht gem\u00fctlich ein<strong>kaufen und vorz\u00fcglich speisen.<\/strong> <strong>Verkaufsoffen <\/strong>ist die Innenstadt von Maastricht beidseits der Maas an fast jedem <strong>Sonntag <\/strong>im Monat (Ausnahmen: Karneval, Ostersonntag, Pfingstsonntag).<\/p>\n\n\n\n<p class=\"wp-block-paragraph\">Noch mehr profitieren die niederl\u00e4ndischen H\u00e4ndler und Restaurantbetreiber von <strong>deutschen Feiertagen<\/strong>. <strong> Karfreitag, Ostermontag, Himmelfahrt, Pfingstmontag, Fronleichnam, Tag der Deutschen Einheit und Allerheiligen<\/strong> \u2013 an jedem dieser in Nordrhein-Westfalen g\u00fcltigen <strong>Feiertage <\/strong>k\u00f6nnen Sie Ihr Geld nach Maastricht bringen.<br>Die Angebote sind vielf\u00e4ltig und \u00fcberwiegend preiswerter als im benachbarten Deutschland. Hier finden Sie nicht nur die in Deutschland \u00fcblichen Marken, sondern auch niederl\u00e4ndische, englische und franz\u00f6sische. Und viele lokale Gesch\u00e4fte bieten eine interessante und reichhaltige Auswahl, die Sie zu Hause nicht finden. Maastricht profitiert gleich zweimal von der sch\u00f6nen Altstadt. Zum einen ist es eine \u00fcberschaubare, romantische Altstadt mit verborgenen G\u00e4sschen, in denen viele kleine L\u00e4den zu finden sind. Und diese kleinen L\u00e4den, zu klein f\u00fcr die sonst \u00fcblichen Ketten, sorgen zum anderen f\u00fcr die Vielfalt im beschaulichen Maastricht.<\/p>\n\n\n\n<p class=\"wp-block-paragraph\">Viele Restaurants \u00fcber die ganze Altstadt verteilt bieten leckeren Kaffee und Kuchen oder warme Speisen von fr\u00fch bis sp\u00e4t. Sogar im Winter kann man vielerorts mit Decken unter beheizten Markisen im Freien sitzen (Raucher, aufgepasst!). Die K\u00fcche ist vielf\u00e4ltig und reicht von gut b\u00fcrgerlichen holl\u00e4ndischen Gerichten \u00fcber feine franz\u00f6sische K\u00fcche bis hin nach Indien und Indonesien. Typisch f\u00fcr Maastricht-Besucher sind Pommes von Reitze (Achtung: montags und dienstags geschlossen, nur Stra\u00dfenverkauf) auf dem Marktplatz mit frischen Matjes vom Fischh\u00e4ndler gleich davor.<\/p>\n\n\n\n<p class=\"wp-block-paragraph\">Wer dem <strong>Karneval<\/strong> entfliehen m\u00f6chte, sei gewarnt. Maastricht liegt zu nah an K\u00f6ln, um nicht vom Karnevals-Virus verseucht zu sein. Hier wird mindestens genauso wild Karneval gefeiert wie in K\u00f6ln und im Rest des Rheinlands. Wer einen etwas anderen Karneval, mit einem sehr hohen Anteil an Amateuren auch im Rosenmontagszug, erleben m\u00f6chte, dem sei ein Ausflug ausdr\u00fccklich empfohlen.<\/p>\n\n\n\n<figure class=\"wp-block-table\">\n<table>\n\t<tbody>\n\t\t<tr>\n\t\t\t<td colspan=\"2\">\n\t\t\t<h3 align=\"center\">Shopping an Sonntagen und Feiertagen in Maastricht (Holland) 2026<\/h3>\n\t\t\t\u00d6ffnungszeiten f\u00fcr fast alle Sonntage vorwiegend 13 &#8211; 18 Uhr<\/td>\n\t\t<\/tr>\n\t\t<tr>\n\t\t\t<td>\n\t\t\t<h4>JANUAR 2026<\/h4>\n\t\t\t<\/td>\n\t\t\t<td>&nbsp;<\/td>\n\t\t<\/tr>\n\t\t<tr>\n\t\t\t<td>01.01.2026 &#8211;<strong> Neujahr<\/strong><\/td>\n\t\t\t<td>Gesch\u00e4fte geschlossen<\/td>\n\t\t<\/tr>\n\t\t<tr>\n\t\t\t<td>alle Sonntage<\/td>\n\t\t\t<td>ge\u00f6ffnet von 13:00 Uhr bis 18:00 Uhr<\/td>\n\t\t<\/tr>\n\t\t<tr>\n\t\t\t<td>\n\t\t\t<h4>FEBRUAR 2026<\/h4>\n\t\t\t<\/td>\n\t\t\t<td>&nbsp;<\/td>\n\t\t<\/tr>\n\t\t<tr>\n\t\t\t<td>alle Sonntage<\/td>\n\t\t\t<td>ge\u00f6ffnet von 13:00 Uhr bis 18:00 Uhr, au\u00dfer Karnevalssonntag<\/td>\n\t\t<\/tr>\n\t\t<tr>\n\t\t\t<td>12.02.2026 &#8211; <strong>Weiberfastnacht<\/strong><\/td>\n\t\t\t<td>Gesch\u00e4fte ge\u00f6ffnet, aber in den Stra\u00dfen tobt der Karneval<\/td>\n\t\t<\/tr>\n\t\t<tr>\n\t\t\t<td>14.02.2026 &#8211; <strong>Karnevalssonntag<\/strong><\/td>\n\t\t\t<td>Karnevalssonntag sind die Gesch\u00e4fte geschlossen, Superm\u00e4rkte und Karnevalsbedarf ge\u00f6ffnet.<\/td>\n\t\t<\/tr>\n\t\t<tr>\n\t\t\t<td>15.02.2026 &#8211; <strong>Rosenmontag<\/strong><\/td>\n\t\t\t<td>An den Karnevalstagen sind in Maastricht die Gesch\u00e4fte geschlossen und in den Stra\u00dfen wird gefeiert, Superm\u00e4rkte und Karnevalsbedarf ge\u00f6ffnet.<\/td>\n\t\t<\/tr>\n\t\t<tr>\n\t\t\t<td>16.02.2026 &#8211;<strong> Faschingsdienstag<\/strong><\/td>\n\t\t\t<td>&nbsp;<\/td>\n\t\t<\/tr>\n\t\t<tr>\n\t\t\t<td>\n\t\t\t<h4>M\u00c4RZ 2026<\/h4>\n\t\t\t<\/td>\n\t\t\t<td>&nbsp;<\/td>\n\t\t<\/tr>\n\t\t<tr>\n\t\t\t<td>alle Sonntage<\/td>\n\t\t\t<td>ge\u00f6ffnet von 13:00 Uhr bis 18:00 Uhr<\/td>\n\t\t<\/tr>\n\t\t<tr>\n\t\t\t<td>\n\t\t\t<h4>APRIL 2026<\/h4>\n\t\t\t<\/td>\n\t\t\t<td>&nbsp;<\/td>\n\t\t<\/tr>\n\t\t<tr>\n\t\t\t<td>alle Sonntage<\/td>\n\t\t\t<td>ge\u00f6ffnet von 13:00 Uhr bis 18:00 Uhr, au\u00dfer Ostersonntag<\/td>\n\t\t<\/tr>\n\t\t<tr>\n\t\t\t<td>03.04.2026 &#8211; <strong>Karfreitag<\/strong><\/td>\n\t\t\t<td>ge\u00f6ffnet von 10:00 Uhr bis 18:00 Uhr<\/td>\n\t\t<\/tr>\n\t\t<tr>\n\t\t\t<td>05.04.2026 &#8211; <strong>Ostern<\/strong><\/td>\n\t\t\t<td>Ostersonntag geschlossen<\/td>\n\t\t<\/tr>\n\t\t<tr>\n\t\t\t<td>06.04.2026 &#8211; <strong>Ostermontag<\/strong><\/td>\n\t\t\t<td>Ostermontag ge\u00f6ffnet von 13:00 Uhr bis 18:00 Uhr<br>\n\t\t\tzuvor Sakramentsprozession<\/td>\n\t\t<\/tr>\n\t\t<tr>\n\t\t\t<td>27.04.2026 &#8211; <strong>K\u00f6nigstag 2026<\/strong><\/td>\n\t\t\t<td>ge\u00f6ffnet von 13:00 Uhr bis 18:00 Uhr<\/td>\n\t\t<\/tr>\n\t\t<tr>\n\t\t\t<td>\n\t\t\t<h4>MAI 2026<\/h4>\n\t\t\t<\/td>\n\t\t\t<td>&nbsp;<\/td>\n\t\t<\/tr>\n\t\t<tr>\n\t\t\t<td>alle Sonntage<\/td>\n\t\t\t<td>ge\u00f6ffnet von 13:00 Uhr bis 18:00 Uhr, au\u00dfer Pfingstsonntag<\/td>\n\t\t<\/tr>\n\t\t<tr>\n\t\t\t<td>01.05.2022 &#8211; <strong>Maifeiertag \u2013 Tag der Arbeit<\/strong><\/td>\n\t\t\t<td>ge\u00f6ffnet von 12:00 Uhr bis 18:00 Uhr<\/td>\n\t\t<\/tr>\n\t\t<tr>\n\t\t<\/tr>\n\t\t<tr>\n\t\t\t<td>10.05.2026 &#8211; <strong>Muttertag<\/strong><\/td>\n\t\t\t<td>ge\u00f6ffnet von 10:00 Uhr bis 18:00 Uhr<\/td>\n\t\t<\/tr>\n\t\t<tr>\n\t\t\t<td>14.05.2026 &#8211;<strong> Christi Himmelfahrt \/ Vatertag<\/strong><\/td>\n\t\t\t<td>ge\u00f6ffnet von 12:00 Uhr bis 17:00\/18:00 Uhr<\/td>\n\t\t<\/tr>\n\t\t<tr>\n\t\t\t<td>24.05.2026 &#8211;<strong> Pfingsten<\/strong><\/td>\n\t\t\t<td>Pfingstsonntag geschlossen<\/td>\n\t\t<\/tr>\n\t\t<tr>\n\t\t\t<td>25.05.2026 &#8211; <strong>Pfingstmontag<\/strong><\/td>\n\t\t\t<td>ge\u00f6ffnet von 13:00 Uhr bis 18:00 Uhr<\/td>\n\t\t<\/tr>\n\t\t<tr>\n\t\t\t<td>\n\t\t\t<h4>JUNI 2026<\/h4>\n\t\t\t<\/td>\n\t\t\t<td>&nbsp;<\/td>\n\t\t<\/tr>\n\t\t<tr>\n\t\t\t<td>alle Sonntage<\/td>\n\t\t\t<td>ge\u00f6ffnet von 13:00 Uhr bis 18:00 Uhr<\/td>\n\t\t<\/tr>\n\t\t<tr>\n\t\t\t<td>04.06.2026 &#8211; <strong>Fronleichnam<\/strong><\/td>\n\t\t\t<td>ge\u00f6ffnet von 10:00 Uhr bis 18:00 Uhr<\/td>\n\t\t<\/tr>\n\t\t<tr>\n\t\t\t<td>\n\t\t\t<h4>JULI 2026<\/h4>\n\t\t\t<\/td>\n\t\t\t<td>&nbsp;<\/td>\n\t\t<\/tr>\n\t\t<tr>\n\t\t\t<td>alle Sonntage<\/td>\n\t\t\t<td>ge\u00f6ffnet von 13:00 Uhr bis 18:00 Uhr<\/td>\n\t\t<\/tr>\n\t\t<tr>\n\t\t\t<td>\n\t\t\t<h4>AUGUST 2026<\/h4>\n\t\t\t<\/td>\n\t\t\t<td>&nbsp;<\/td>\n\t\t<\/tr>\n\t\t<tr>\n\t\t\t<td>alle Sonntage<\/td>\n\t\t\t<td>ge\u00f6ffnet von 13:00 Uhr bis 18:00 Uhr<\/td>\n\t\t<\/tr>\n\t\t<tr>\n\t\t\t<td>\n\t\t\t<h4>SEPTEMBER 2026<\/h4>\n\t\t\t<\/td>\n\t\t\t<td>&nbsp;<\/td>\n\t\t<\/tr>\n\t\t<tr>\n\t\t\t<td>alle Sonntage<\/td>\n\t\t\t<td>ge\u00f6ffnet von 13:00 Uhr bis 18:00 Uhr<\/td>\n\t\t<\/tr>\n\t\t<tr>\n\t\t\t<td>\n\t\t\t<h4>OKTOBER 2026<\/h4>\n\t\t\t<\/td>\n\t\t\t<td>&nbsp;<\/td>\n\t\t<\/tr>\n\t\t<tr>\n\t\t\t<td>alle Sonntage<\/td>\n\t\t\t<td>ge\u00f6ffnet von 10:00 Uhr bis 18:00 Uhr<\/td>\n\t\t<\/tr>\n\t\t<tr>\n\t\t\t<td>03.10.2026 \u2013&nbsp;<strong>Tag der Einheit<\/strong><\/td>\n\t\t\t<td>ge\u00f6ffnet von 13:00 Uhr bis 18:00 Uhr<\/td>\n\t\t<\/tr>\n\t\t<tr>\n\t\t\t<td>\n\t\t\t<h4>NOVEMBER 2026<\/h4>\n\t\t\t<\/td>\n\t\t\t<td>&nbsp;<\/td>\n\t\t<\/tr>\n\t\t<tr>\n\t\t\t<td>alle Sonntage einschlie\u00dflich<br>\n\t\t\t15.11.2026 \u2013<br>\n\t\t\t<strong>Volkstrauertag<\/strong> (D)<br>\n\t\t\t22.11.2026 \u2013<br>\n\t\t\t<strong>Totensonntag<\/strong> (D)<\/td>\n\t\t\t<td>ge\u00f6ffnet von 13:00 Uhr bis 18:00 Uhr<\/td>\n\t\t<\/tr>\n\t\t<tr>\n\t\t\t<td>01.11.2026 \u2013&nbsp;<strong>Allerheiligen<\/strong><\/td>\n\t\t\t<td>ge\u00f6ffnet von 10:00 Uhr bis 18:00 Uhr<\/td>\n\t\t<\/tr>\n\t\t<tr>\n\t\t\t<td>\n\t\t\t<h4>DEZEMBER 2026<\/h4>\n\t\t\t<\/td>\n\t\t<\/tr>\n\t\t<tr>\n\t\t\t<td>alle Sonntage<\/td>\n\t\t\t<td>ge\u00f6ffnet von 13:00 Uhr bis 18:00 Uhr<\/td>\n\t\t<\/tr>\n\t\t<tr>\n\t\t\t<td>24.12.2026 \u2013&nbsp;<strong>Heiligabend<\/strong><\/td>\n\t\t\t<td>ge\u00f6ffnet 10:00\u201317:00\/18:00<\/td>\n\t\t<\/tr>\n\t\t<tr>\n\t\t\t<td>25. \u2013 26.12.2026 \u2013&nbsp;<strong>Weihnachten<\/strong><\/td>\n\t\t\t<td>geschlossen<\/td>\n\t\t<\/tr>\n\t\t<tr>\n\t\t\t<td>31.12.2026 \u2013&nbsp;<strong>Silvester<\/strong><\/td>\n\t\t\t<td>Sonntag geschlossen<\/td>\n\t\t<\/tr>\n\t\t<tr>\n\t\t\t<td>\n\t\t\t<h4>JANUAR 2027<\/h4>\n\t\t\t<\/td>\n\t\t\t<td>&nbsp;<\/td>\n\t\t<\/tr>\n\t\t<tr>\n\t\t\t<td>01.01.2027 &#8211;<strong> Neujahr<\/strong><\/td>\n\t\t\t<td>Gesch\u00e4fte geschlossen<\/td>\n\t\t<\/tr>\n\t<\/tbody>\n<\/table>\n<\/figure>\n\n\n\n<p class=\"wp-block-paragraph\">Angegeben sind die deutschen Feiertage, g\u00fcltig f\u00fcr Nordrhein-Westfalen (NRW).<\/p>\n\n\n\n<h3 id=\"parken-in-maastricht\" class=\"wp-block-heading\">Parken in Maastricht<\/h3>\n\n\n\n<p class=\"wp-block-paragraph\">Parken ist in Maastricht ein riesiges Problem, schon an einem normalen Wochentag. An einem verkaufsoffenen Sonntag\/Feiertag wird es eine besondere Herausforderung. Vermeiden Sie die Parkpl\u00e4tze und Parkh\u00e4user in der Innenstadt. Sie stehen sonst ewig im Stau. Parken Sie etwas vom Stadtzentrum entfernt (folgen Sie der Beschilderung) und laufen Sie in die Stadt. Der Weg ist nicht weit (10\u201315 Min.) und deutlich k\u00fcrzer als die Wartezeit bei der Einfahrt ins Parkhaus.<\/p>\n\n\n\n<p class=\"wp-block-paragraph\">Parken wie in K\u00f6ln (mit Kn\u00f6llchen) wird in Maastricht unglaublich teuer! Das gilt f\u00fcr Parken im Halteverbot, Parkverbot, Anwohnerparkpl\u00e4tzen und an abgelaufenen Parkuhren. Hier werden schnell mehr als 50 \u20ac f\u00e4llig. Und beim n\u00e4chsten Besuch ist dann schnell auch mal eine Parkkralle am Rad!<\/p>\n\n\n\n<p class=\"wp-block-paragraph\">An verkaufsoffenen Sonntagen m\u00fcssen Sie die Parkgeb\u00fchren von 12:00 bis 18:00 Uhr bezahlen!<\/p>\n\n\n\n<h3 id=\"offnungszeiten-in-maastricht-an-wochentagen\" class=\"wp-block-heading\">\u00d6ffnungszeiten in Maastricht an Wochentagen:<\/h3>\n\n\n\n<p class=\"wp-block-paragraph\">F\u00fcr die Gesch\u00e4fte in Maastricht gelten in der Regel folgende Laden\u00f6ffnungszeiten:<br>Montag <strong>13:00<\/strong> bis 18:00 Uhr<br>Di. bis Fr. 10:00 bis 18:00 Uhr. \u2013 Verkaufsoffener Abend: Donnerstag, 21:00 Uhr, \u201eMaastricht shopping night\u201c<br>Sa. von 10:00 bis 18:00 Uhr<\/p>\n\n\n\n<p class=\"wp-block-paragraph\"><strong>Geschlossen w\u00e4hrend der Weihnachtsfeiertage 2026<\/strong><br>&#8211; 25. Dezember 2026 (1. Weihnachtstag)<br>&#8211; 26. Dezember 2026 (2. Weihnachtstag)<br><strong>Eingeschr\u00e4nkte \u00d6ffnungszeiten 2026<\/strong><br>&#8211; 24. Dezember 2026 teilweise nur bis 17.00 Uhr (Heiligabend)<br>&#8211; 31. Dezember 2026 geschlossen (Silvester)<br>Stand: 31.12.2024<br>Alle Angaben ohne Gew\u00e4hr. Aktualisierte Termine erfahren Sie bei <a href=\"https:\/\/www.visitmaastricht.com\/de\/planen-sie-ihren-aufenthalt\/offnungszeiten#3944-shoppen-op-feestdagen\" target=\"_blank\" rel=\"noreferrer noopener\">Visitmaastricht.com<\/a>.<\/p>\n\n\n\n<h2 class=\"wp-block-heading\">Sehensw\u00fcrdigkeiten in Maastricht im \u00dcberblick:<br><\/h2>\n\n\n\n<p class=\"wp-block-paragraph\"><strong>Altstadt<\/strong> mit mittelalterlichen Gassen, historischen Geb\u00e4uden und dem Vrijthof, einem gepflasterten Platz mit zahlreichen Restaurants und Caf\u00e9s.<\/p>\n\n\n\n<ul class=\"wp-block-list\">\n<li><strong>Bonnefantenmuseum<\/strong> mit einer Sammlung moderner und zeitgen\u00f6ssischer Kunst.<\/li>\n\n\n\n<li><strong>Liebfrauenbasilika<\/strong>, eine romanische Basilika mit einer beeindruckenden Fassade.<\/li>\n\n\n\n<li><strong>St. Servatius-Basilika<\/strong>, eine romanische Basilika mit einer bedeutenden Sakralkunstsammlung.<\/li>\n\n\n\n<li><strong>Helpoort<\/strong>, ein ehemaliges Stadttor aus dem 13. Jahrhundert.<\/li>\n\n\n\n<li><strong>Fort Sint Pieter<\/strong>, eine Festung aus dem 17. Jahrhundert mit einem sch\u00f6nen Ausblick auf die Stadt.<\/li>\n\n\n\n<li><strong>Maastricht Underground<\/strong>, ein unterirdisches Labyrinth aus G\u00e4ngen und H\u00f6hlen, das bis in die R\u00f6merzeit zur\u00fcckreicht.<\/li>\n<\/ul>\n\n\n\n<p class=\"wp-block-paragraph\"><strong>Weitere Sehensw\u00fcrdigkeiten:<\/strong><\/p>\n\n\n\n<ul class=\"wp-block-list\">\n<li><strong>Boekhandel Dominicanen<\/strong>, eine Buchhandlung in einer ehemaligen Dominikanerkirche.<\/li>\n\n\n\n<li><strong>Sphinxpassage<\/strong>, eine futuristische Einkaufspassage mit einem Glasdach.<\/li>\n\n\n\n<li><strong>De Graanmarkt<\/strong>, ein mittelalterlicher Marktplatz mit einem Wochenmarkt.<\/li>\n\n\n\n<li><strong>Het Bat<\/strong>, ein ehemaliger Anlegeplatz f\u00fcr Schiffe mit einer sch\u00f6nen Aussicht auf die Maas.<\/li>\n\n\n\n<li><strong>De Bisschopsmolen<\/strong>, eine alte Wasserm\u00fchle aus dem 17. Jahrhundert.<\/li>\n\n\n\n<li><strong>ENCI-Grube<\/strong>, eine ehemalige Kalksteingrube, die heute ein Freizeitpark ist.<\/li>\n<\/ul>\n\n\n\n<p class=\"wp-block-paragraph\">Maastricht bietet eine Vielzahl an Sehensw\u00fcrdigkeiten f\u00fcr jeden Geschmack. Ob Sie sich f\u00fcr Geschichte, Kunst, Kultur oder einfach nur f\u00fcr einen sch\u00f6nen Spaziergang interessieren, in der Stadt finden Sie das Richtige.<\/p>\n","protected":false},"excerpt":{"rendered":"<p>verkaufsoffene Sonntage und Feiertage 2026 in Maastricht (Holland) Shoppen in Maastricht ist ein Erlebnis f\u00fcr alle Sinne. Die Stadt bietet<\/p>\n","protected":false},"author":6,"featured_media":11084,"parent":6498,"menu_order":303,"comment_status":"open","ping_status":"closed","template":"","meta":{"_crdt_document":"","ngg_post_thumbnail":627,"jetpack_post_was_ever_published":false,"footnotes":""},"class_list":["post-5276","page","type-page","status-publish","has-post-thumbnail","hentry"],"yoast_head":"<!-- This site is optimized with the Yoast SEO plugin v27.5 - https:\/\/yoast.com\/product\/yoast-seo-wordpress\/ -->\n<title>verkaufsoffene Sonntage und Feiertage in Maastricht (Holland)<\/title>\n<meta name=\"description\" content=\"Alle offenen Sonntage und Feiertage 2025 in Maastricht (Holland) mit \u00d6ffnungszeiten, Parken, Karneval, Sehensw\u00fcrdigkeiten \u2013 aktualisiert am 26.01.2026\" \/>\n<meta name=\"robots\" content=\"index, follow, max-snippet:-1, max-image-preview:large, max-video-preview:-1\" \/>\n<link rel=\"canonical\" href=\"https:\/\/www.gaidaphotos.com\/blog\/verkaufsoffener-sonntag-strassenfest-weihnachtsmarkt\/verkaufsoffene-sonntage-und-feiertage-maastricht-holland\/\" \/>\n<meta property=\"og:locale\" content=\"de_DE\" \/>\n<meta property=\"og:type\" content=\"article\" \/>\n<meta property=\"og:title\" content=\"verkaufsoffene Sonntage und Feiertage in Maastricht (Holland)\" \/>\n<meta property=\"og:description\" content=\"Alle offenen Sonntage und Feiertage 2025 in Maastricht (Holland) mit \u00d6ffnungszeiten, Parken, Karneval, Sehensw\u00fcrdigkeiten \u2013 aktualisiert am 26.01.2026\" \/>\n<meta property=\"og:url\" content=\"https:\/\/www.gaidaphotos.com\/blog\/verkaufsoffener-sonntag-strassenfest-weihnachtsmarkt\/verkaufsoffene-sonntage-und-feiertage-maastricht-holland\/\" \/>\n<meta property=\"og:site_name\" content=\"K\u00f6ln Rodenkirchen und die Welt\" \/>\n<meta property=\"article:publisher\" content=\"https:\/\/www.facebook.com\/Koeln.Rodenkirchen\" \/>\n<meta property=\"article:modified_time\" content=\"2026-01-27T11:10:38+00:00\" \/>\n<meta property=\"og:image\" content=\"https:\/\/www.gaidaphotos.com\/blog\/wp-content\/uploads\/2019\/02\/maastricht-verkaufsoffener-sonntag-feiertag-2012.jpg\" \/>\n\t<meta property=\"og:image:width\" content=\"667\" \/>\n\t<meta property=\"og:image:height\" content=\"1000\" \/>\n\t<meta property=\"og:image:type\" content=\"image\/jpeg\" \/>\n<meta name=\"twitter:card\" content=\"summary_large_image\" \/>\n<meta name=\"twitter:site\" content=\"@gaidaphotos\" \/>\n<meta name=\"twitter:label1\" content=\"Gesch\u00e4tzte Lesezeit\" \/>\n\t<meta name=\"twitter:data1\" content=\"7\u00a0Minuten\" \/>\n<script type=\"application\/ld+json\" class=\"yoast-schema-graph\">{\"@context\":\"https:\\\/\\\/schema.org\",\"@graph\":[{\"@type\":\"WebPage\",\"@id\":\"https:\\\/\\\/www.gaidaphotos.com\\\/blog\\\/verkaufsoffener-sonntag-strassenfest-weihnachtsmarkt\\\/verkaufsoffene-sonntage-und-feiertage-maastricht-holland\\\/\",\"url\":\"https:\\\/\\\/www.gaidaphotos.com\\\/blog\\\/verkaufsoffener-sonntag-strassenfest-weihnachtsmarkt\\\/verkaufsoffene-sonntage-und-feiertage-maastricht-holland\\\/\",\"name\":\"verkaufsoffene Sonntage und Feiertage in Maastricht (Holland)\",\"isPartOf\":{\"@id\":\"https:\\\/\\\/www.gaidaphotos.com\\\/blog\\\/#website\"},\"primaryImageOfPage\":{\"@id\":\"https:\\\/\\\/www.gaidaphotos.com\\\/blog\\\/verkaufsoffener-sonntag-strassenfest-weihnachtsmarkt\\\/verkaufsoffene-sonntage-und-feiertage-maastricht-holland\\\/#primaryimage\"},\"image\":{\"@id\":\"https:\\\/\\\/www.gaidaphotos.com\\\/blog\\\/verkaufsoffener-sonntag-strassenfest-weihnachtsmarkt\\\/verkaufsoffene-sonntage-und-feiertage-maastricht-holland\\\/#primaryimage\"},\"thumbnailUrl\":\"https:\\\/\\\/i0.wp.com\\\/www.gaidaphotos.com\\\/blog\\\/wp-content\\\/uploads\\\/2019\\\/02\\\/maastricht-verkaufsoffener-sonntag-feiertag-2012.jpg?fit=667%2C1000&ssl=1\",\"datePublished\":\"2013-01-02T15:49:58+00:00\",\"dateModified\":\"2026-01-27T11:10:38+00:00\",\"description\":\"Alle offenen Sonntage und Feiertage 2025 in Maastricht (Holland) mit \u00d6ffnungszeiten, Parken, Karneval, Sehensw\u00fcrdigkeiten \u2013 aktualisiert am 26.01.2026\",\"breadcrumb\":{\"@id\":\"https:\\\/\\\/www.gaidaphotos.com\\\/blog\\\/verkaufsoffener-sonntag-strassenfest-weihnachtsmarkt\\\/verkaufsoffene-sonntage-und-feiertage-maastricht-holland\\\/#breadcrumb\"},\"inLanguage\":\"de\",\"potentialAction\":[{\"@type\":\"ReadAction\",\"target\":[\"https:\\\/\\\/www.gaidaphotos.com\\\/blog\\\/verkaufsoffener-sonntag-strassenfest-weihnachtsmarkt\\\/verkaufsoffene-sonntage-und-feiertage-maastricht-holland\\\/\"]}]},{\"@type\":\"ImageObject\",\"inLanguage\":\"de\",\"@id\":\"https:\\\/\\\/www.gaidaphotos.com\\\/blog\\\/verkaufsoffener-sonntag-strassenfest-weihnachtsmarkt\\\/verkaufsoffene-sonntage-und-feiertage-maastricht-holland\\\/#primaryimage\",\"url\":\"https:\\\/\\\/i0.wp.com\\\/www.gaidaphotos.com\\\/blog\\\/wp-content\\\/uploads\\\/2019\\\/02\\\/maastricht-verkaufsoffener-sonntag-feiertag-2012.jpg?fit=667%2C1000&ssl=1\",\"contentUrl\":\"https:\\\/\\\/i0.wp.com\\\/www.gaidaphotos.com\\\/blog\\\/wp-content\\\/uploads\\\/2019\\\/02\\\/maastricht-verkaufsoffener-sonntag-feiertag-2012.jpg?fit=667%2C1000&ssl=1\",\"width\":667,\"height\":1000,\"caption\":\"Stadtmauier Maastricht Niederlande\"},{\"@type\":\"BreadcrumbList\",\"@id\":\"https:\\\/\\\/www.gaidaphotos.com\\\/blog\\\/verkaufsoffener-sonntag-strassenfest-weihnachtsmarkt\\\/verkaufsoffene-sonntage-und-feiertage-maastricht-holland\\\/#breadcrumb\",\"itemListElement\":[{\"@type\":\"ListItem\",\"position\":1,\"name\":\"Startseite\",\"item\":\"https:\\\/\\\/www.gaidaphotos.com\\\/blog\\\/\"},{\"@type\":\"ListItem\",\"position\":2,\"name\":\"Verkaufsoffener Sonntag &#8211; Stra\u00dfenfest &#8211; Weihnachtsmarkt\",\"item\":\"https:\\\/\\\/www.gaidaphotos.com\\\/blog\\\/verkaufsoffener-sonntag-strassenfest-weihnachtsmarkt\\\/\"},{\"@type\":\"ListItem\",\"position\":3,\"name\":\"Maastricht (NL): verkaufsoffene Sonntage und Feiertage\"}]},{\"@type\":\"WebSite\",\"@id\":\"https:\\\/\\\/www.gaidaphotos.com\\\/blog\\\/#website\",\"url\":\"https:\\\/\\\/www.gaidaphotos.com\\\/blog\\\/\",\"name\":\"K\u00f6ln Rodenkirchen und die Welt\",\"description\":\"Einkaufen, Restaurants, Freizeit, Nachrichten und was uns sonst bewegt und begegnet\",\"publisher\":{\"@id\":\"https:\\\/\\\/www.gaidaphotos.com\\\/blog\\\/#organization\"},\"potentialAction\":[{\"@type\":\"SearchAction\",\"target\":{\"@type\":\"EntryPoint\",\"urlTemplate\":\"https:\\\/\\\/www.gaidaphotos.com\\\/blog\\\/?s={search_term_string}\"},\"query-input\":{\"@type\":\"PropertyValueSpecification\",\"valueRequired\":true,\"valueName\":\"search_term_string\"}}],\"inLanguage\":\"de\"},{\"@type\":\"Organization\",\"@id\":\"https:\\\/\\\/www.gaidaphotos.com\\\/blog\\\/#organization\",\"name\":\"gaidaphotos\",\"url\":\"https:\\\/\\\/www.gaidaphotos.com\\\/blog\\\/\",\"logo\":{\"@type\":\"ImageObject\",\"inLanguage\":\"de\",\"@id\":\"https:\\\/\\\/www.gaidaphotos.com\\\/blog\\\/#\\\/schema\\\/logo\\\/image\\\/\",\"url\":\"https:\\\/\\\/i0.wp.com\\\/www.gaidaphotos.com\\\/blog\\\/wp-content\\\/uploads\\\/2020\\\/07\\\/GAIDAPHOTOS-COM.jpg?fit=160%2C96&ssl=1\",\"contentUrl\":\"https:\\\/\\\/i0.wp.com\\\/www.gaidaphotos.com\\\/blog\\\/wp-content\\\/uploads\\\/2020\\\/07\\\/GAIDAPHOTOS-COM.jpg?fit=160%2C96&ssl=1\",\"width\":160,\"height\":96,\"caption\":\"gaidaphotos\"},\"image\":{\"@id\":\"https:\\\/\\\/www.gaidaphotos.com\\\/blog\\\/#\\\/schema\\\/logo\\\/image\\\/\"},\"sameAs\":[\"https:\\\/\\\/www.facebook.com\\\/Koeln.Rodenkirchen\",\"https:\\\/\\\/x.com\\\/gaidaphotos\",\"https:\\\/\\\/instagram.com\\\/gaidaphotos\\\/\",\"https:\\\/\\\/de.linkedin.com\\\/in\\\/gaidaphotos\",\"https:\\\/\\\/myspace.com\\\/gaidaphotos\",\"https:\\\/\\\/www.pinterest.com\\\/gaidaphotos\\\/\",\"https:\\\/\\\/www.youtube.com\\\/user\\\/gaidaphotos\"]}]}<\/script>\n<!-- \/ Yoast SEO plugin. -->","yoast_head_json":{"title":"verkaufsoffene Sonntage und Feiertage in Maastricht (Holland)","description":"Alle offenen Sonntage und Feiertage 2025 in Maastricht (Holland) mit \u00d6ffnungszeiten, Parken, Karneval, Sehensw\u00fcrdigkeiten \u2013 aktualisiert am 26.01.2026","robots":{"index":"index","follow":"follow","max-snippet":"max-snippet:-1","max-image-preview":"max-image-preview:large","max-video-preview":"max-video-preview:-1"},"canonical":"https:\/\/www.gaidaphotos.com\/blog\/verkaufsoffener-sonntag-strassenfest-weihnachtsmarkt\/verkaufsoffene-sonntage-und-feiertage-maastricht-holland\/","og_locale":"de_DE","og_type":"article","og_title":"verkaufsoffene Sonntage und Feiertage in Maastricht (Holland)","og_description":"Alle offenen Sonntage und Feiertage 2025 in Maastricht (Holland) mit \u00d6ffnungszeiten, Parken, Karneval, Sehensw\u00fcrdigkeiten \u2013 aktualisiert am 26.01.2026","og_url":"https:\/\/www.gaidaphotos.com\/blog\/verkaufsoffener-sonntag-strassenfest-weihnachtsmarkt\/verkaufsoffene-sonntage-und-feiertage-maastricht-holland\/","og_site_name":"K\u00f6ln Rodenkirchen und die Welt","article_publisher":"https:\/\/www.facebook.com\/Koeln.Rodenkirchen","article_modified_time":"2026-01-27T11:10:38+00:00","og_image":[{"width":667,"height":1000,"url":"https:\/\/www.gaidaphotos.com\/blog\/wp-content\/uploads\/2019\/02\/maastricht-verkaufsoffener-sonntag-feiertag-2012.jpg","type":"image\/jpeg"}],"twitter_card":"summary_large_image","twitter_site":"@gaidaphotos","twitter_misc":{"Gesch\u00e4tzte Lesezeit":"7\u00a0Minuten"},"schema":{"@context":"https:\/\/schema.org","@graph":[{"@type":"WebPage","@id":"https:\/\/www.gaidaphotos.com\/blog\/verkaufsoffener-sonntag-strassenfest-weihnachtsmarkt\/verkaufsoffene-sonntage-und-feiertage-maastricht-holland\/","url":"https:\/\/www.gaidaphotos.com\/blog\/verkaufsoffener-sonntag-strassenfest-weihnachtsmarkt\/verkaufsoffene-sonntage-und-feiertage-maastricht-holland\/","name":"verkaufsoffene Sonntage und Feiertage in Maastricht (Holland)","isPartOf":{"@id":"https:\/\/www.gaidaphotos.com\/blog\/#website"},"primaryImageOfPage":{"@id":"https:\/\/www.gaidaphotos.com\/blog\/verkaufsoffener-sonntag-strassenfest-weihnachtsmarkt\/verkaufsoffene-sonntage-und-feiertage-maastricht-holland\/#primaryimage"},"image":{"@id":"https:\/\/www.gaidaphotos.com\/blog\/verkaufsoffener-sonntag-strassenfest-weihnachtsmarkt\/verkaufsoffene-sonntage-und-feiertage-maastricht-holland\/#primaryimage"},"thumbnailUrl":"https:\/\/i0.wp.com\/www.gaidaphotos.com\/blog\/wp-content\/uploads\/2019\/02\/maastricht-verkaufsoffener-sonntag-feiertag-2012.jpg?fit=667%2C1000&ssl=1","datePublished":"2013-01-02T15:49:58+00:00","dateModified":"2026-01-27T11:10:38+00:00","description":"Alle offenen Sonntage und Feiertage 2025 in Maastricht (Holland) mit \u00d6ffnungszeiten, Parken, Karneval, Sehensw\u00fcrdigkeiten \u2013 aktualisiert am 26.01.2026","breadcrumb":{"@id":"https:\/\/www.gaidaphotos.com\/blog\/verkaufsoffener-sonntag-strassenfest-weihnachtsmarkt\/verkaufsoffene-sonntage-und-feiertage-maastricht-holland\/#breadcrumb"},"inLanguage":"de","potentialAction":[{"@type":"ReadAction","target":["https:\/\/www.gaidaphotos.com\/blog\/verkaufsoffener-sonntag-strassenfest-weihnachtsmarkt\/verkaufsoffene-sonntage-und-feiertage-maastricht-holland\/"]}]},{"@type":"ImageObject","inLanguage":"de","@id":"https:\/\/www.gaidaphotos.com\/blog\/verkaufsoffener-sonntag-strassenfest-weihnachtsmarkt\/verkaufsoffene-sonntage-und-feiertage-maastricht-holland\/#primaryimage","url":"https:\/\/i0.wp.com\/www.gaidaphotos.com\/blog\/wp-content\/uploads\/2019\/02\/maastricht-verkaufsoffener-sonntag-feiertag-2012.jpg?fit=667%2C1000&ssl=1","contentUrl":"https:\/\/i0.wp.com\/www.gaidaphotos.com\/blog\/wp-content\/uploads\/2019\/02\/maastricht-verkaufsoffener-sonntag-feiertag-2012.jpg?fit=667%2C1000&ssl=1","width":667,"height":1000,"caption":"Stadtmauier Maastricht Niederlande"},{"@type":"BreadcrumbList","@id":"https:\/\/www.gaidaphotos.com\/blog\/verkaufsoffener-sonntag-strassenfest-weihnachtsmarkt\/verkaufsoffene-sonntage-und-feiertage-maastricht-holland\/#breadcrumb","itemListElement":[{"@type":"ListItem","position":1,"name":"Startseite","item":"https:\/\/www.gaidaphotos.com\/blog\/"},{"@type":"ListItem","position":2,"name":"Verkaufsoffener Sonntag &#8211; Stra\u00dfenfest &#8211; Weihnachtsmarkt","item":"https:\/\/www.gaidaphotos.com\/blog\/verkaufsoffener-sonntag-strassenfest-weihnachtsmarkt\/"},{"@type":"ListItem","position":3,"name":"Maastricht (NL): verkaufsoffene Sonntage und Feiertage"}]},{"@type":"WebSite","@id":"https:\/\/www.gaidaphotos.com\/blog\/#website","url":"https:\/\/www.gaidaphotos.com\/blog\/","name":"K\u00f6ln Rodenkirchen und die Welt","description":"Einkaufen, Restaurants, Freizeit, Nachrichten und was uns sonst bewegt und begegnet","publisher":{"@id":"https:\/\/www.gaidaphotos.com\/blog\/#organization"},"potentialAction":[{"@type":"SearchAction","target":{"@type":"EntryPoint","urlTemplate":"https:\/\/www.gaidaphotos.com\/blog\/?s={search_term_string}"},"query-input":{"@type":"PropertyValueSpecification","valueRequired":true,"valueName":"search_term_string"}}],"inLanguage":"de"},{"@type":"Organization","@id":"https:\/\/www.gaidaphotos.com\/blog\/#organization","name":"gaidaphotos","url":"https:\/\/www.gaidaphotos.com\/blog\/","logo":{"@type":"ImageObject","inLanguage":"de","@id":"https:\/\/www.gaidaphotos.com\/blog\/#\/schema\/logo\/image\/","url":"https:\/\/i0.wp.com\/www.gaidaphotos.com\/blog\/wp-content\/uploads\/2020\/07\/GAIDAPHOTOS-COM.jpg?fit=160%2C96&ssl=1","contentUrl":"https:\/\/i0.wp.com\/www.gaidaphotos.com\/blog\/wp-content\/uploads\/2020\/07\/GAIDAPHOTOS-COM.jpg?fit=160%2C96&ssl=1","width":160,"height":96,"caption":"gaidaphotos"},"image":{"@id":"https:\/\/www.gaidaphotos.com\/blog\/#\/schema\/logo\/image\/"},"sameAs":["https:\/\/www.facebook.com\/Koeln.Rodenkirchen","https:\/\/x.com\/gaidaphotos","https:\/\/instagram.com\/gaidaphotos\/","https:\/\/de.linkedin.com\/in\/gaidaphotos","https:\/\/myspace.com\/gaidaphotos","https:\/\/www.pinterest.com\/gaidaphotos\/","https:\/\/www.youtube.com\/user\/gaidaphotos"]}]}},"jetpack_sharing_enabled":true,"jetpack_likes_enabled":true,"jetpack-related-posts":[{"id":5289,"url":"https:\/\/www.gaidaphotos.com\/blog\/verkaufsoffener-sonntag-strassenfest-weihnachtsmarkt\/verkaufsoffene-sonntage-strassenfest-koeln\/","url_meta":{"origin":5276,"position":0},"title":"Verkaufsoffene Sonntage und Feiertage in K\u00f6ln 2022","author":"Thomas","date":"3. Januar 2013","format":false,"excerpt":"Shopping am Wochenende in K\u00f6ln Noch gibt es keine Information zu verkaufsoffenen Sonntagen in K\u00f6ln. Das liegt vor allem an Corona. Da mag man gar nicht an \u00fcberf\u00fcllte Stra\u00dfen denken. So wie es neue Information gibt, informieren wir Sie hier. Gibt es in diesem Jahr verkaufsoffene Sonntage in K\u00f6ln? Und\u2026","rel":"","context":"\u00c4hnlicher Beitrag","block_context":{"text":"\u00c4hnlicher Beitrag","link":""},"img":{"alt_text":"K\u00f6lner-Dom","src":"https:\/\/i0.wp.com\/www.gaidaphotos.com\/blog\/wp-content\/uploads\/ngg_featured\/koelner-dom.jpg?fit=1000%2C750&ssl=1&resize=350%2C200","width":350,"height":200,"srcset":"https:\/\/i0.wp.com\/www.gaidaphotos.com\/blog\/wp-content\/uploads\/ngg_featured\/koelner-dom.jpg?fit=1000%2C750&ssl=1&resize=350%2C200 1x, https:\/\/i0.wp.com\/www.gaidaphotos.com\/blog\/wp-content\/uploads\/ngg_featured\/koelner-dom.jpg?fit=1000%2C750&ssl=1&resize=525%2C300 1.5x, https:\/\/i0.wp.com\/www.gaidaphotos.com\/blog\/wp-content\/uploads\/ngg_featured\/koelner-dom.jpg?fit=1000%2C750&ssl=1&resize=700%2C400 2x"},"classes":[]},{"id":6010,"url":"https:\/\/www.gaidaphotos.com\/blog\/verkaufsoffener-sonntag-strassenfest-weihnachtsmarkt\/roermond-nl-verkaufsoffene-sonntage-und-feiertage\/","url_meta":{"origin":5276,"position":1},"title":"Roermond (NL): verkaufsoffene Sonntage und Feiertage","author":"Thomas","date":"16. Januar 2014","format":false,"excerpt":"aktualisiert 27.01.2026 Roermond: Der perfekte Ort zum Shoppen Designer-Mode, Sportbekleidung, Accessoires und mehr \u2013 in Roermond finden Sie alles, was Ihr Shopping-Herz begehrt.Das Designer Outlet Roermond ist ein wahres Paradies f\u00fcr Schn\u00e4ppchenj\u00e4ger. Hier finden Sie mehr als 200 Designer-Marken mit Rabatten von bis zu 70 %.In der Innenstadt von Roermond\u2026","rel":"","context":"\u00c4hnlicher Beitrag","block_context":{"text":"\u00c4hnlicher Beitrag","link":""},"img":{"alt_text":"Roermond Holland - Kirche bei Nacht","src":"https:\/\/i0.wp.com\/www.gaidaphotos.com\/blog\/wp-content\/uploads\/ngg_featured\/roermond.jpg?fit=1000%2C666&ssl=1&resize=350%2C200","width":350,"height":200,"srcset":"https:\/\/i0.wp.com\/www.gaidaphotos.com\/blog\/wp-content\/uploads\/ngg_featured\/roermond.jpg?fit=1000%2C666&ssl=1&resize=350%2C200 1x, https:\/\/i0.wp.com\/www.gaidaphotos.com\/blog\/wp-content\/uploads\/ngg_featured\/roermond.jpg?fit=1000%2C666&ssl=1&resize=525%2C300 1.5x, https:\/\/i0.wp.com\/www.gaidaphotos.com\/blog\/wp-content\/uploads\/ngg_featured\/roermond.jpg?fit=1000%2C666&ssl=1&resize=700%2C400 2x"},"classes":[]},{"id":6498,"url":"https:\/\/www.gaidaphotos.com\/blog\/verkaufsoffener-sonntag-strassenfest-weihnachtsmarkt\/","url_meta":{"origin":5276,"position":2},"title":"Verkaufsoffener Sonntag &#8211; Stra\u00dfenfest &#8211; Weihnachtsmarkt","author":"Thomas","date":"23. Juni 2014","format":false,"excerpt":"Verkaufsoffener Sonntag - Stra\u00dfenfest - Weihnachtsmarkt - Stra\u00dfenkarneval in K\u00f6ln, Holland und Belgien Die K\u00f6lner feiern gerne, sagt man. Die K\u00f6lner shoppen gerne, sagt man. Und beides trifft zu. Aber leider legt die rot-gr\u00fcne Landesregierung den K\u00f6lner an die Leine, wenn er Sonntags shoppen m\u00f6chte. Die Zahl der verkaufsoffenen Sonntage\u2026","rel":"","context":"Mit 1 Kommentar","block_context":{"text":"Mit 1 Kommentar","link":"https:\/\/www.gaidaphotos.com\/blog\/verkaufsoffener-sonntag-strassenfest-weihnachtsmarkt\/#comments"},"img":{"alt_text":"","src":"","width":0,"height":0},"classes":[]},{"id":2463,"url":"https:\/\/www.gaidaphotos.com\/blog\/","url_meta":{"origin":5276,"position":3},"title":"K\u00f6ln-Rodenkirchen: Nachrichten aus dem Veedel und der Welt","author":"Thomas","date":"12. Februar 2010","format":false,"excerpt":"K\u00f6ln-Rodenkirchen:Nachrichten, Restaurants, Shoppen, Freizeit und was uns sonst bewegt K\u00f6ln Rodenkirchen: Kapelle am Rhein Rodenkirchen ist der s\u00fcdlichste Vorort von K\u00f6ln und Heimat der \u201ek\u00f6lschen Riviera\u201c. Die Auenwiesen und gro\u00dfen Sandstr\u00e4nde entlang des Rheinufer sind ebenso beliebte Ausflugsziele wie die sch\u00f6nen Restaurants und Restaurantboote in Rodenkirchen und der historische Ortskern\u2026","rel":"","context":"\u00c4hnlicher Beitrag","block_context":{"text":"\u00c4hnlicher Beitrag","link":""},"img":{"alt_text":"K\u00f6ln Rodenkirchen Fotos","src":"https:\/\/i0.wp.com\/www.gaidaphotos.com\/blog\/wp-content\/uploads\/2010\/02\/koeln-rodenkirchen-kapelle-05.jpg?fit=640%2C480&ssl=1&resize=350%2C200","width":350,"height":200,"srcset":"https:\/\/i0.wp.com\/www.gaidaphotos.com\/blog\/wp-content\/uploads\/2010\/02\/koeln-rodenkirchen-kapelle-05.jpg?fit=640%2C480&ssl=1&resize=350%2C200 1x, https:\/\/i0.wp.com\/www.gaidaphotos.com\/blog\/wp-content\/uploads\/2010\/02\/koeln-rodenkirchen-kapelle-05.jpg?fit=640%2C480&ssl=1&resize=525%2C300 1.5x"},"classes":[]},{"id":8731,"url":"https:\/\/www.gaidaphotos.com\/blog\/verkaufsoffener-sonntag-strassenfest-weihnachtsmarkt\/flohmarkt-und-troedelmarkt-in-holland\/","url_meta":{"origin":5276,"position":4},"title":"Flohmarkt und Tr\u00f6delmarkt in Holland","author":"Thomas","date":"4. M\u00e4rz 2015","format":false,"excerpt":"Flohmarkt \u2013 Tr\u00f6delmarkt \u2013 Antikmarkt in S\u00fcd-Holland Der Flohmarktbetreiber hat vor einigen Jahren den Betrieb eingestellt. Einen besonderen Sonntagsausflug machen Sie zu einem der beliebten Floh- und Antikm\u00e4rkte in der Region S\u00fcd-Limburg (Holland), rund um das sch\u00f6ne Maastricht.Wenn Sie fr\u00fch fahren, k\u00f6nnen Sie sich in einem der vielen Restaurants der\u2026","rel":"","context":"\u00c4hnlicher Beitrag","block_context":{"text":"\u00c4hnlicher Beitrag","link":""},"img":{"alt_text":"","src":"https:\/\/i0.wp.com\/www.gaidaphotos.com\/blog\/wp-content\/uploads\/ngg_featured\/09102011-flohmarkt-rodenkirchen-hund.jpg?fit=667%2C1000&ssl=1&resize=350%2C200","width":350,"height":200,"srcset":"https:\/\/i0.wp.com\/www.gaidaphotos.com\/blog\/wp-content\/uploads\/ngg_featured\/09102011-flohmarkt-rodenkirchen-hund.jpg?fit=667%2C1000&ssl=1&resize=350%2C200 1x, https:\/\/i0.wp.com\/www.gaidaphotos.com\/blog\/wp-content\/uploads\/ngg_featured\/09102011-flohmarkt-rodenkirchen-hund.jpg?fit=667%2C1000&ssl=1&resize=525%2C300 1.5x"},"classes":[]},{"id":6011,"url":"https:\/\/www.gaidaphotos.com\/blog\/verkaufsoffener-sonntag-strassenfest-weihnachtsmarkt\/maas-mechelen-be-verkaufsoffene-sonntage-und-feiertage\/","url_meta":{"origin":5276,"position":5},"title":"Maas-Mechelen (BE): verkaufsoffene Sonntage und Feiertage","author":"Thomas","date":"16. Januar 2014","format":false,"excerpt":"Aktualisiert 27.01.2026 Top-Marken zu Schn\u00e4ppchenpreisen: Das Outlet Center Maas-Mechelen ist nur eine Stunde von K\u00f6ln entfernt und bietet eine gro\u00dfe Auswahl an Designer-Bekleidung, Schuhen, Accessoires und mehr. Mit Rabatten von bis zu 70 % ist es der perfekte Ort, um zu sparen. Das Outlet-Center in Maas-Mechelen (BE) hat von 10:00\u2026","rel":"","context":"\u00c4hnlicher Beitrag","block_context":{"text":"\u00c4hnlicher Beitrag","link":""},"img":{"alt_text":"Modeschmuck vom Flohmarkt","src":"https:\/\/i0.wp.com\/www.gaidaphotos.com\/blog\/wp-content\/uploads\/ngg_featured\/flohmarkt-troedelmarkt-2.jpg?fit=400%2C267&ssl=1&resize=350%2C200","width":350,"height":200},"classes":[]}],"_links":{"self":[{"href":"https:\/\/www.gaidaphotos.com\/blog\/wp-json\/wp\/v2\/pages\/5276","targetHints":{"allow":["GET"]}}],"collection":[{"href":"https:\/\/www.gaidaphotos.com\/blog\/wp-json\/wp\/v2\/pages"}],"about":[{"href":"https:\/\/www.gaidaphotos.com\/blog\/wp-json\/wp\/v2\/types\/page"}],"author":[{"embeddable":true,"href":"https:\/\/www.gaidaphotos.com\/blog\/wp-json\/wp\/v2\/users\/6"}],"replies":[{"embeddable":true,"href":"https:\/\/www.gaidaphotos.com\/blog\/wp-json\/wp\/v2\/comments?post=5276"}],"version-history":[{"count":2,"href":"https:\/\/www.gaidaphotos.com\/blog\/wp-json\/wp\/v2\/pages\/5276\/revisions"}],"predecessor-version":[{"id":13393,"href":"https:\/\/www.gaidaphotos.com\/blog\/wp-json\/wp\/v2\/pages\/5276\/revisions\/13393"}],"up":[{"embeddable":true,"href":"https:\/\/www.gaidaphotos.com\/blog\/wp-json\/wp\/v2\/pages\/6498"}],"wp:featuredmedia":[{"embeddable":true,"href":"https:\/\/www.gaidaphotos.com\/blog\/wp-json\/wp\/v2\/media\/11084"}],"wp:attachment":[{"href":"https:\/\/www.gaidaphotos.com\/blog\/wp-json\/wp\/v2\/media?parent=5276"}],"curies":[{"name":"wp","href":"https:\/\/api.w.org\/{rel}","templated":true}]}}